{"id":6112,"date":"2022-04-04T16:07:50","date_gmt":"2022-04-04T16:07:50","guid":{"rendered":"https:\/\/transferencia.tec.mx\/?p=6112"},"modified":"2023-09-10T03:57:32","modified_gmt":"2023-09-10T03:57:32","slug":"participacion-politica-de-estudiantes-regiomontanos-en-los-medios-digitales","status":"publish","type":"divulgacion-ciencia","link":"https:\/\/tecscience.tec.mx\/es\/divulgacion-ciencia\/participacion-politica-de-estudiantes-regiomontanos-en-los-medios-digitales\/","title":{"rendered":"Participaci\u00f3n pol\u00edtica de estudiantes regiomontanos en los medios digitales"},"content":{"rendered":"<p>Por <strong>Ana Laura Maltos<\/strong>, <a href=\"https:\/\/research.tec.mx\/vivo-tec\/display\/PID_114863\"><strong>\u00d3scar Mario Miranda<\/strong><\/a><\/p>\n<p>Seg\u00fan la Encuesta Nacional de Cultura C\u00edvica 2020, el 21% de los ciudadanos mexicanos se involucra en alguna actividad relacionada a asuntos p\u00fablicos distinta al voto. En Nuevo Le\u00f3n, esa proporci\u00f3n alcanza \u00fanicamente el 17%.<\/p>\n<p>Los retos actuales para la activaci\u00f3n ciudadana exigen conocer c\u00f3mo ocurren las pr\u00e1cticas pol\u00edticas de los estudiantes universitarios y cu\u00e1les son los factores que favorecen un mayor y mejor involucramiento c\u00edvico entre esa poblaci\u00f3n. La creaci\u00f3n de contenidos en medios digitales se perfila como uno de esos factores ante la evidencia de su relaci\u00f3n positiva con la participaci\u00f3n pol\u00edtica. Los estudiantes que con mucha frecuencia producen y publican contenidos en l\u00ednea poseen un amplio repertorio de participaci\u00f3n: en promedio, participan en 8 distintas actividades por lo menos en una ocasi\u00f3n.<\/p>\n<p>La importancia de los medios digitales en la socializaci\u00f3n pol\u00edtica de los universitarios no es de extra\u00f1ar, pues son parte de la generaci\u00f3n de j\u00f3venes que han convivido cotidianamente con ellos y en ellos desde edades tempranas. Los medios digitales son parte de la configuraci\u00f3n medi\u00e1tica en que los j\u00f3venes asimilan el sistema pol\u00edtico en el que viven. As\u00ed como en la familia y en la escuela, en estos medios los j\u00f3venes aprenden qu\u00e9 es la pol\u00edtica, la democracia y la ciudadan\u00eda, pero adem\u00e1s generan y renuevan formas de relacionarse con lo p\u00fablico.<\/p>\n<blockquote><p>Los medios digitales son parte de la configuraci\u00f3n medi\u00e1tica en que los j\u00f3venes asimilan el sistema pol\u00edtico<\/p><\/blockquote>\n<p>De este papel socializador de los medios digitales se desprende un extenso debate sobre sus alcances y efectos. Si bien encontramos argumentos relacionados con las posibilidades de acceso a la informaci\u00f3n, libertad de expresi\u00f3n, deliberaci\u00f3n y participaci\u00f3n pol\u00edtica en medios digitales y redes sociales, cada vez son m\u00e1s evidentes los fen\u00f3menos que contribuyen a la desinformaci\u00f3n y a la polarizaci\u00f3n de la opini\u00f3n p\u00fablica.<\/p>\n<p>En el marco de esa discusi\u00f3n, un grupo de investigadores del Tecnol\u00f3gico de Monterrey y de la Universidad Aut\u00f3noma de Nuevo Le\u00f3n analiz\u00f3 la relaci\u00f3n entre estudiantes universitarios regiomontanos, su uso de los medios digitales y sus pr\u00e1cticas de conversaci\u00f3n y participaci\u00f3n pol\u00edtica.<\/p>\n<p>A finales del a\u00f1o 2020, se aplic\u00f3 una encuesta a 435 estudiantes de diversas instituciones educativas p\u00fablicas y privadas de la Zona Metropolitana de Monterrey utilizando un muestreo por cuotas, y se realiz\u00f3 un an\u00e1lisis correlacional bivariado de las variables de inter\u00e9s. Hoy en d\u00eda dichos investigadores trabajan en la relaci\u00f3n que dichas variables guardan desde un \u00e1ngulo cualitativo, a trav\u00e9s de la elaboraci\u00f3n y an\u00e1lisis de grupos de enfoque.<\/p>\n<h2>Medios digitales y pr\u00e1cticas pol\u00edticas<br \/>\nde los universitarios de Monterrey<\/h2>\n<p>El acceso es un primer condicionante en la relaci\u00f3n de los j\u00f3venes con la tecnolog\u00eda, por lo que es importante se\u00f1alar que los estudiantes universitarios regiomontanos que participaron en el estudio cuentan con un acceso favorecedor a los medios digitales; por ejemplo, casi la totalidad de ellos cuentan con conexi\u00f3n a Internet en casa y pasan en promedio 12 horas diarias realizando actividades en l\u00ednea.<\/p>\n<p>El estudio contempl\u00f3 3 tipos de uso de los medios digitales que est\u00e1n estrechamente vinculados a las orientaciones p\u00fablicas de los j\u00f3venes: noticioso, social y creativo. Primeramente, se encontr\u00f3 que 72% de los estudiantes utiliza los medios digitales para consultar noticias sobre pol\u00edtica al menos una vez por semana. En cuanto al uso social, las plataformas que los j\u00f3venes utilizan con mayor frecuencia fueron WhatsApp, Facebook, YouTube e Instagram. En tercer lugar, las actividades de creaci\u00f3n de contenido m\u00e1s frecuentes fueron publicar fotograf\u00edas, dibujos o manifestaciones art\u00edsticas; y publicar textos o videos de opini\u00f3n.<\/p>\n<p>Por otro lado, se midi\u00f3 la frecuencia de las pr\u00e1cticas de conversaci\u00f3n y participaci\u00f3n pol\u00edtica de los estudiantes. En el primer caso, se encontr\u00f3 que el 75% de ellos conversa sobre pol\u00edtica con poca frecuencia, prefiriendo las situaciones cara a cara que en l\u00ednea. En cuanto a la participaci\u00f3n, se midieron 3 tipos de actividades clasificadas seg\u00fan a qui\u00e9n se dirige la acci\u00f3n: la participaci\u00f3n dirigida al sistema pol\u00edtico, la participaci\u00f3n a nivel comunidad, y las actividades pol\u00edticamente motivadas. La participaci\u00f3n a nivel comunidad fue la menos frecuente.<\/p>\n<figure id=\"attachment_6115\" aria-describedby=\"caption-attachment-6115\" style=\"width: 674px\" class=\"wp-caption aligncenter\"><picture>\r\n                <source srcset=\"https:\/\/transferencia.tec.mx\/wp-content\/uploads\/2022\/04\/AdobeStock_333318726-300x200.webp\" type=\"image\/webp\">\r\n                <img fetchpriority=\"high\" decoding=\"async\" class=\"wp-image-6115\" src=\"https:\/\/transferencia.tec.mx\/wp-content\/uploads\/2022\/04\/AdobeStock_333318726-300x200.jpeg\" alt=\"\" width=\"674\" height=\"449\" srcset=\"https:\/\/tecscience.tec.mx\/es\/wp-content\/uploads\/sites\/8\/2022\/04\/AdobeStock_333318726-300x200.jpeg 300w, https:\/\/tecscience.tec.mx\/es\/wp-content\/uploads\/sites\/8\/2022\/04\/AdobeStock_333318726-1024x682.jpeg 1024w, https:\/\/tecscience.tec.mx\/es\/wp-content\/uploads\/sites\/8\/2022\/04\/AdobeStock_333318726-768x512.jpeg 768w, https:\/\/tecscience.tec.mx\/es\/wp-content\/uploads\/sites\/8\/2022\/04\/AdobeStock_333318726.jpeg 1078w\" sizes=\"(max-width: 674px) 100vw, 674px\" \/>\r\n            <\/picture><figcaption id=\"caption-attachment-6115\" class=\"wp-caption-text\">De acuerdo a la Encuesta Nacional de Cultura C\u00edvica 2020, \u00fanicamente el 17% de los ciudadanos neoleoneses se involucra en alguna actividad relacionada con asuntos p\u00fablicos distinta al voto.<\/figcaption><\/figure>\n<p>Finalmente, se abordaron las relaciones entre cada tipo de uso y cada tipo de pr\u00e1ctica mencionado en los p\u00e1rrafos anteriores, encontrando correlaciones positivas de peque\u00f1as a moderadas y estad\u00edsticamente significativas entre cada uno de ellos. Se puede decir que, en general, el mayor uso de los medios digitales se relaciona con la mayor frecuencia de conversaci\u00f3n y participaci\u00f3n pol\u00edticas.<\/p>\n<p>Algunas de las correlaciones encontradas fueron m\u00e1s fuertes. Tal es el caso de la relaci\u00f3n del uso noticioso con la conversaci\u00f3n pol\u00edtica (<em>r<\/em> = 0.302, <em>p<\/em> = 0.000). En vista de que la fuerza de esa relaci\u00f3n no se observ\u00f3 en cuanto a la participaci\u00f3n, se opt\u00f3 por considerar a la conversaci\u00f3n como una pr\u00e1ctica que las vincula. Al controlar el efecto de la conversaci\u00f3n sobre el resto de las correlaciones fue posible corroborar lo anterior. De esta manera, se puede especular que el consumo de noticias entre los estudiantes conlleva una mayor probabilidad de participaci\u00f3n cuando es potenciado por la conversaci\u00f3n cotidiana sobre temas pol\u00edticos.<\/p>\n<p>Por otro lado, el uso social alcanz\u00f3 una correlaci\u00f3n moderada \u00fanicamente con las actividades pol\u00edticamente motivadas (<em>r<\/em> = .343, <em>p<\/em> = .000), mientras que el uso creativo se correlacion\u00f3 a ese nivel con todas las formas de participaci\u00f3n (<em>r<\/em> \u2265 .300, <em>p<\/em> = .000). Estos resultados sugieren que la interacci\u00f3n social a trav\u00e9s de redes sociales y, sobre todo, la creaci\u00f3n de contenidos en medios digitales son factores claves para el problema de estudio.<\/p>\n<p>Que el uso creativo \u2013con las habilidades instrumentales, cognitivas y comunicativas que conlleva la producci\u00f3n y difusi\u00f3n de contenidos\u2013 sea el m\u00e1s estrechamente ligado a la participaci\u00f3n pol\u00edtica no solo confirma la importancia de los medios digitales como plataformas de expresi\u00f3n p\u00fablica para los estudiantes, sino que nos obliga a reflexionar sobre las mejores pr\u00e1cticas que entre estudiantes, profesores e instituciones podemos realizar para procurar que el uso de los medios digitales sea seguro, eficaz y conveniente para la pr\u00e1ctica de una ciudadan\u00eda activa.<\/p>\n<h2>\u00bfQuieres saber m\u00e1s?<\/h2>\n<p>Este art\u00edculo forma parte de la tesis doctoral que <strong>Ana Laura Maltos Tamez<\/strong> realiza en el Doctorado de Estudios Human\u00edsticos, del Tec\u00a0de Monterrey.<\/p>\n<p>Este texto de divulgaci\u00f3n se desprende de un art\u00edculo acad\u00e9mico publicado en la Revista Comunicar (<a href=\"https:\/\/nam04.safelinks.protection.outlook.com\/?url=https%3A%2F%2Fdoi.org%2F10.3916%2FC69-2021-04&amp;data=04%7C01%7Ctransferencia.tec%40servicios.itesm.mx%7C980abed0465b44f4183f08d9a5717059%7Cc65a3ea60f7c400b89345a6dc1705645%7C0%7C0%7C637722729297092017%7CUnknown%7CTWFpbGZsb3d8eyJWIjoiMC4wLjAwMDAiLCJQIjoiV2luMzIiLCJBTiI6Ik1haWwiLCJXVCI6Mn0%3D%7C1000&amp;sdata=OseP0lbMAozN%2BD7It1dYKD3URt4fqhJCa7%2BEMrFejfI%3D&amp;reserved=0\">https:\/\/doi.org\/10.3916\/C69-2021-04<\/a>).<\/p>\n<h2>Autores<\/h2>\n<p><strong>Ana Laura Maltos Tamez. <\/strong>Es investigadora de la Escuela de Humanidades y Educaci\u00f3n, del Tecnol\u00f3gico de Monterrey. Es candidata a graduarse del Doctorado en Estudios Human\u00edsticos.\u00a0<a href=\"mailto:A00826569@itesm.mx\">A00826569@itesm.mx<\/a><\/p>\n<p><strong>Oscar Mario Miranda Villanueva.<\/strong> Profesor investigador de la Escuela de Humanidades y Educaci\u00f3n, del Tec de Monterrey. Doctor en Estudios Human\u00edsticos (DEH) con especialidad en Comunicaci\u00f3n y Estudios Culturales. Es Investigador Nacional Nivel I por el Sistema Nacional de Investigadores (SNI), del Consejo Nacional de Ciencia y Tecnolog\u00eda (CONACYT). <a href=\"mailto:oscar.miranda@tec.mx\">oscar.miranda@tec.mx<\/a><\/p>\n","protected":false},"excerpt":{"rendered":"<p>Por Ana Laura Maltos, \u00d3scar Mario Miranda Seg\u00fan la Encuesta Nacional de Cultura C\u00edvica 2020, el 21% de los ciudadanos mexicanos se involucra en alguna actividad relacionada a asuntos p\u00fablicos distinta al voto. En Nuevo Le\u00f3n, esa proporci\u00f3n alcanza \u00fanicamente el 17%. Los retos actuales para la activaci\u00f3n ciudadana exigen conocer c\u00f3mo ocurren las pr\u00e1cticas [&hellip;]<\/p>\n","protected":false},"author":18,"featured_media":6113,"menu_order":0,"template":"","format":"standard","meta":{"_acf_changed":false,"_eb_attr":"","footnotes":""},"categories":[],"tags":[],"class_list":["post-6112","divulgacion-ciencia","type-divulgacion-ciencia","status-publish","format-standard","has-post-thumbnail","hentry"],"acf":[],"yoast_head":"<!-- This site is optimized with the Yoast SEO Premium plugin v21.0 (Yoast SEO v27.4) - https:\/\/yoast.com\/product\/yoast-seo-premium-wordpress\/ -->\n<title>Participaci\u00f3n pol\u00edtica de estudiantes regiomontanos en los medios digitales<\/title>\n<meta name=\"description\" content=\"Investigadores analizan las pr\u00e1cticas pol\u00edticas de 435 universitarios regiomontanos en el contexto de las plataformas digitales.\" \/>\n<meta name=\"robots\" content=\"index, follow, max-snippet:-1, max-image-preview:large, max-video-preview:-1\" \/>\n<link rel=\"canonical\" href=\"https:\/\/tecscience.tec.mx\/es\/divulgacion-ciencia\/participacion-politica-de-estudiantes-regiomontanos-en-los-medios-digitales\/\" \/>\n<meta property=\"og:locale\" content=\"es_ES\" \/>\n<meta property=\"og:type\" content=\"article\" \/>\n<meta property=\"og:title\" content=\"Participaci\u00f3n pol\u00edtica de estudiantes regiomontanos en los medios digitales\" \/>\n<meta property=\"og:description\" content=\"Investigadores analizan las pr\u00e1cticas pol\u00edticas de 435 universitarios regiomontanos en el contexto de las plataformas digitales.\" \/>\n<meta property=\"og:url\" content=\"https:\/\/tecscience.tec.mx\/es\/divulgacion-ciencia\/participacion-politica-de-estudiantes-regiomontanos-en-los-medios-digitales\/\" \/>\n<meta property=\"og:site_name\" content=\"TecScience\" \/>\n<meta property=\"article:publisher\" content=\"https:\/\/www.facebook.com\/TecScienceWeb\" \/>\n<meta property=\"article:modified_time\" content=\"2023-09-10T03:57:32+00:00\" \/>\n<meta property=\"og:image\" content=\"https:\/\/tecscience.tec.mx\/es\/wp-content\/uploads\/sites\/8\/2022\/04\/AdobeStock_300475661.jpeg\" \/>\n\t<meta property=\"og:image:width\" content=\"1078\" \/>\n\t<meta property=\"og:image:height\" content=\"718\" \/>\n\t<meta property=\"og:image:type\" content=\"image\/jpeg\" \/>\n<meta name=\"twitter:card\" content=\"summary_large_image\" \/>\n<meta name=\"twitter:site\" content=\"@TecScience_\" \/>\n<meta name=\"twitter:label1\" content=\"Tiempo de lectura\" \/>\n\t<meta name=\"twitter:data1\" content=\"6 minutos\" \/>\n<script type=\"application\/ld+json\" class=\"yoast-schema-graph\">{\"@context\":\"https:\\\/\\\/schema.org\",\"@graph\":[{\"@type\":\"WebPage\",\"@id\":\"https:\\\/\\\/tecscience.tec.mx\\\/es\\\/divulgacion-ciencia\\\/participacion-politica-de-estudiantes-regiomontanos-en-los-medios-digitales\\\/\",\"url\":\"https:\\\/\\\/tecscience.tec.mx\\\/es\\\/divulgacion-ciencia\\\/participacion-politica-de-estudiantes-regiomontanos-en-los-medios-digitales\\\/\",\"name\":\"Participaci\u00f3n pol\u00edtica de estudiantes regiomontanos en los medios digitales\",\"isPartOf\":{\"@id\":\"https:\\\/\\\/tecscience.tec.mx\\\/es\\\/#website\"},\"primaryImageOfPage\":{\"@id\":\"https:\\\/\\\/tecscience.tec.mx\\\/es\\\/divulgacion-ciencia\\\/participacion-politica-de-estudiantes-regiomontanos-en-los-medios-digitales\\\/#primaryimage\"},\"image\":{\"@id\":\"https:\\\/\\\/tecscience.tec.mx\\\/es\\\/divulgacion-ciencia\\\/participacion-politica-de-estudiantes-regiomontanos-en-los-medios-digitales\\\/#primaryimage\"},\"thumbnailUrl\":\"https:\\\/\\\/tecscience.tec.mx\\\/es\\\/wp-content\\\/uploads\\\/sites\\\/8\\\/2022\\\/04\\\/AdobeStock_300475661.jpeg\",\"datePublished\":\"2022-04-04T16:07:50+00:00\",\"dateModified\":\"2023-09-10T03:57:32+00:00\",\"description\":\"Investigadores analizan las pr\u00e1cticas pol\u00edticas de 435 universitarios regiomontanos en el contexto de las plataformas digitales.\",\"breadcrumb\":{\"@id\":\"https:\\\/\\\/tecscience.tec.mx\\\/es\\\/divulgacion-ciencia\\\/participacion-politica-de-estudiantes-regiomontanos-en-los-medios-digitales\\\/#breadcrumb\"},\"inLanguage\":\"es\",\"potentialAction\":[{\"@type\":\"ReadAction\",\"target\":[\"https:\\\/\\\/tecscience.tec.mx\\\/es\\\/divulgacion-ciencia\\\/participacion-politica-de-estudiantes-regiomontanos-en-los-medios-digitales\\\/\"]}]},{\"@type\":\"ImageObject\",\"inLanguage\":\"es\",\"@id\":\"https:\\\/\\\/tecscience.tec.mx\\\/es\\\/divulgacion-ciencia\\\/participacion-politica-de-estudiantes-regiomontanos-en-los-medios-digitales\\\/#primaryimage\",\"url\":\"https:\\\/\\\/tecscience.tec.mx\\\/es\\\/wp-content\\\/uploads\\\/sites\\\/8\\\/2022\\\/04\\\/AdobeStock_300475661.jpeg\",\"contentUrl\":\"https:\\\/\\\/tecscience.tec.mx\\\/es\\\/wp-content\\\/uploads\\\/sites\\\/8\\\/2022\\\/04\\\/AdobeStock_300475661.jpeg\",\"width\":1078,\"height\":718,\"caption\":\"(Foto: Adobe Stock)\"},{\"@type\":\"BreadcrumbList\",\"@id\":\"https:\\\/\\\/tecscience.tec.mx\\\/es\\\/divulgacion-ciencia\\\/participacion-politica-de-estudiantes-regiomontanos-en-los-medios-digitales\\\/#breadcrumb\",\"itemListElement\":[{\"@type\":\"ListItem\",\"position\":1,\"name\":\"Home\",\"item\":\"https:\\\/\\\/tecscience.tec.mx\\\/es\\\/\"},{\"@type\":\"ListItem\",\"position\":2,\"name\":\"Divulgacion Cientifica\",\"item\":\"https:\\\/\\\/tecscience.tec.mx\\\/es\\\/divulgacion-cientifica\\\/\"},{\"@type\":\"ListItem\",\"position\":3,\"name\":\"Participaci\u00f3n pol\u00edtica de estudiantes regiomontanos en los medios digitales\"}]},{\"@type\":\"WebSite\",\"@id\":\"https:\\\/\\\/tecscience.tec.mx\\\/es\\\/#website\",\"url\":\"https:\\\/\\\/tecscience.tec.mx\\\/es\\\/\",\"name\":\"TecScience\",\"description\":\"Bilingual platform in charge of communicating advances in research, science and innovation at Tec\",\"publisher\":{\"@id\":\"https:\\\/\\\/tecscience.tec.mx\\\/es\\\/#organization\"},\"potentialAction\":[{\"@type\":\"SearchAction\",\"target\":{\"@type\":\"EntryPoint\",\"urlTemplate\":\"https:\\\/\\\/tecscience.tec.mx\\\/es\\\/?s={search_term_string}\"},\"query-input\":{\"@type\":\"PropertyValueSpecification\",\"valueRequired\":true,\"valueName\":\"search_term_string\"}}],\"inLanguage\":\"es\"},{\"@type\":\"Organization\",\"@id\":\"https:\\\/\\\/tecscience.tec.mx\\\/es\\\/#organization\",\"name\":\"TecScience\",\"url\":\"https:\\\/\\\/tecscience.tec.mx\\\/es\\\/\",\"logo\":{\"@type\":\"ImageObject\",\"inLanguage\":\"es\",\"@id\":\"https:\\\/\\\/tecscience.tec.mx\\\/es\\\/#\\\/schema\\\/logo\\\/image\\\/\",\"url\":\"https:\\\/\\\/tecscience.tec.mx\\\/es\\\/wp-content\\\/uploads\\\/sites\\\/8\\\/2022\\\/11\\\/logo-negro-tecscience.svg\",\"contentUrl\":\"https:\\\/\\\/tecscience.tec.mx\\\/es\\\/wp-content\\\/uploads\\\/sites\\\/8\\\/2022\\\/11\\\/logo-negro-tecscience.svg\",\"width\":250,\"height\":38,\"caption\":\"TecScience\"},\"image\":{\"@id\":\"https:\\\/\\\/tecscience.tec.mx\\\/es\\\/#\\\/schema\\\/logo\\\/image\\\/\"},\"sameAs\":[\"https:\\\/\\\/www.facebook.com\\\/TecScienceWeb\",\"https:\\\/\\\/x.com\\\/TecScience_\",\"https:\\\/\\\/www.linkedin.com\\\/company\\\/tec-science\\\/\",\"https:\\\/\\\/www.instagram.com\\\/tecscienceweb\\\/\"],\"publishingPrinciples\":\"https:\\\/\\\/tecscience.tec.mx\\\/es\\\/guia-de-publicacion-para-articulos-de-divulgacion\\\/\",\"correctionsPolicy\":\"https:\\\/\\\/tecscience.tec.mx\\\/es\\\/equipo-editorial-tecscience\\\/\"}]}<\/script>\n<!-- \/ Yoast SEO Premium plugin. -->","yoast_head_json":{"title":"Participaci\u00f3n pol\u00edtica de estudiantes regiomontanos en los medios digitales","description":"Investigadores analizan las pr\u00e1cticas pol\u00edticas de 435 universitarios regiomontanos en el contexto de las plataformas digitales.","robots":{"index":"index","follow":"follow","max-snippet":"max-snippet:-1","max-image-preview":"max-image-preview:large","max-video-preview":"max-video-preview:-1"},"canonical":"https:\/\/tecscience.tec.mx\/es\/divulgacion-ciencia\/participacion-politica-de-estudiantes-regiomontanos-en-los-medios-digitales\/","og_locale":"es_ES","og_type":"article","og_title":"Participaci\u00f3n pol\u00edtica de estudiantes regiomontanos en los medios digitales","og_description":"Investigadores analizan las pr\u00e1cticas pol\u00edticas de 435 universitarios regiomontanos en el contexto de las plataformas digitales.","og_url":"https:\/\/tecscience.tec.mx\/es\/divulgacion-ciencia\/participacion-politica-de-estudiantes-regiomontanos-en-los-medios-digitales\/","og_site_name":"TecScience","article_publisher":"https:\/\/www.facebook.com\/TecScienceWeb","article_modified_time":"2023-09-10T03:57:32+00:00","og_image":[{"width":1078,"height":718,"url":"https:\/\/tecscience.tec.mx\/es\/wp-content\/uploads\/sites\/8\/2022\/04\/AdobeStock_300475661.jpeg","type":"image\/jpeg"}],"twitter_card":"summary_large_image","twitter_site":"@TecScience_","twitter_misc":{"Tiempo de lectura":"6 minutos"},"schema":{"@context":"https:\/\/schema.org","@graph":[{"@type":"WebPage","@id":"https:\/\/tecscience.tec.mx\/es\/divulgacion-ciencia\/participacion-politica-de-estudiantes-regiomontanos-en-los-medios-digitales\/","url":"https:\/\/tecscience.tec.mx\/es\/divulgacion-ciencia\/participacion-politica-de-estudiantes-regiomontanos-en-los-medios-digitales\/","name":"Participaci\u00f3n pol\u00edtica de estudiantes regiomontanos en los medios digitales","isPartOf":{"@id":"https:\/\/tecscience.tec.mx\/es\/#website"},"primaryImageOfPage":{"@id":"https:\/\/tecscience.tec.mx\/es\/divulgacion-ciencia\/participacion-politica-de-estudiantes-regiomontanos-en-los-medios-digitales\/#primaryimage"},"image":{"@id":"https:\/\/tecscience.tec.mx\/es\/divulgacion-ciencia\/participacion-politica-de-estudiantes-regiomontanos-en-los-medios-digitales\/#primaryimage"},"thumbnailUrl":"https:\/\/tecscience.tec.mx\/es\/wp-content\/uploads\/sites\/8\/2022\/04\/AdobeStock_300475661.jpeg","datePublished":"2022-04-04T16:07:50+00:00","dateModified":"2023-09-10T03:57:32+00:00","description":"Investigadores analizan las pr\u00e1cticas pol\u00edticas de 435 universitarios regiomontanos en el contexto de las plataformas digitales.","breadcrumb":{"@id":"https:\/\/tecscience.tec.mx\/es\/divulgacion-ciencia\/participacion-politica-de-estudiantes-regiomontanos-en-los-medios-digitales\/#breadcrumb"},"inLanguage":"es","potentialAction":[{"@type":"ReadAction","target":["https:\/\/tecscience.tec.mx\/es\/divulgacion-ciencia\/participacion-politica-de-estudiantes-regiomontanos-en-los-medios-digitales\/"]}]},{"@type":"ImageObject","inLanguage":"es","@id":"https:\/\/tecscience.tec.mx\/es\/divulgacion-ciencia\/participacion-politica-de-estudiantes-regiomontanos-en-los-medios-digitales\/#primaryimage","url":"https:\/\/tecscience.tec.mx\/es\/wp-content\/uploads\/sites\/8\/2022\/04\/AdobeStock_300475661.jpeg","contentUrl":"https:\/\/tecscience.tec.mx\/es\/wp-content\/uploads\/sites\/8\/2022\/04\/AdobeStock_300475661.jpeg","width":1078,"height":718,"caption":"(Foto: Adobe Stock)"},{"@type":"BreadcrumbList","@id":"https:\/\/tecscience.tec.mx\/es\/divulgacion-ciencia\/participacion-politica-de-estudiantes-regiomontanos-en-los-medios-digitales\/#breadcrumb","itemListElement":[{"@type":"ListItem","position":1,"name":"Home","item":"https:\/\/tecscience.tec.mx\/es\/"},{"@type":"ListItem","position":2,"name":"Divulgacion Cientifica","item":"https:\/\/tecscience.tec.mx\/es\/divulgacion-cientifica\/"},{"@type":"ListItem","position":3,"name":"Participaci\u00f3n pol\u00edtica de estudiantes regiomontanos en los medios digitales"}]},{"@type":"WebSite","@id":"https:\/\/tecscience.tec.mx\/es\/#website","url":"https:\/\/tecscience.tec.mx\/es\/","name":"TecScience","description":"Bilingual platform in charge of communicating advances in research, science and innovation at Tec","publisher":{"@id":"https:\/\/tecscience.tec.mx\/es\/#organization"},"potentialAction":[{"@type":"SearchAction","target":{"@type":"EntryPoint","urlTemplate":"https:\/\/tecscience.tec.mx\/es\/?s={search_term_string}"},"query-input":{"@type":"PropertyValueSpecification","valueRequired":true,"valueName":"search_term_string"}}],"inLanguage":"es"},{"@type":"Organization","@id":"https:\/\/tecscience.tec.mx\/es\/#organization","name":"TecScience","url":"https:\/\/tecscience.tec.mx\/es\/","logo":{"@type":"ImageObject","inLanguage":"es","@id":"https:\/\/tecscience.tec.mx\/es\/#\/schema\/logo\/image\/","url":"https:\/\/tecscience.tec.mx\/es\/wp-content\/uploads\/sites\/8\/2022\/11\/logo-negro-tecscience.svg","contentUrl":"https:\/\/tecscience.tec.mx\/es\/wp-content\/uploads\/sites\/8\/2022\/11\/logo-negro-tecscience.svg","width":250,"height":38,"caption":"TecScience"},"image":{"@id":"https:\/\/tecscience.tec.mx\/es\/#\/schema\/logo\/image\/"},"sameAs":["https:\/\/www.facebook.com\/TecScienceWeb","https:\/\/x.com\/TecScience_","https:\/\/www.linkedin.com\/company\/tec-science\/","https:\/\/www.instagram.com\/tecscienceweb\/"],"publishingPrinciples":"https:\/\/tecscience.tec.mx\/es\/guia-de-publicacion-para-articulos-de-divulgacion\/","correctionsPolicy":"https:\/\/tecscience.tec.mx\/es\/equipo-editorial-tecscience\/"}]}},"_links":{"self":[{"href":"https:\/\/tecscience.tec.mx\/es\/wp-json\/wp\/v2\/divulgacion-ciencia\/6112","targetHints":{"allow":["GET"]}}],"collection":[{"href":"https:\/\/tecscience.tec.mx\/es\/wp-json\/wp\/v2\/divulgacion-ciencia"}],"about":[{"href":"https:\/\/tecscience.tec.mx\/es\/wp-json\/wp\/v2\/types\/divulgacion-ciencia"}],"author":[{"embeddable":true,"href":"https:\/\/tecscience.tec.mx\/es\/wp-json\/wp\/v2\/users\/18"}],"version-history":[{"count":0,"href":"https:\/\/tecscience.tec.mx\/es\/wp-json\/wp\/v2\/divulgacion-ciencia\/6112\/revisions"}],"wp:featuredmedia":[{"embeddable":true,"href":"https:\/\/tecscience.tec.mx\/es\/wp-json\/wp\/v2\/media\/6113"}],"wp:attachment":[{"href":"https:\/\/tecscience.tec.mx\/es\/wp-json\/wp\/v2\/media?parent=6112"}],"wp:term":[{"taxonomy":"category","embeddable":true,"href":"https:\/\/tecscience.tec.mx\/es\/wp-json\/wp\/v2\/categories?post=6112"},{"taxonomy":"post_tag","embeddable":true,"href":"https:\/\/tecscience.tec.mx\/es\/wp-json\/wp\/v2\/tags?post=6112"}],"curies":[{"name":"wp","href":"https:\/\/api.w.org\/{rel}","templated":true}]}}